{"id":26,"date":"2019-10-21T18:17:13","date_gmt":"2019-10-21T18:17:13","guid":{"rendered":"http:\/\/mesmomentsprec.wpengine.com\/?page_id=26"},"modified":"2024-10-15T14:03:10","modified_gmt":"2024-10-15T14:03:10","slug":"cancer-du-sein","status":"publish","type":"page","link":"https:\/\/mesmomentsprecieux.fr\/en\/cancer-du-sein\/","title":{"rendered":"Cancer du sein"},"content":{"rendered":"<div data-elementor-type=\"wp-page\" data-elementor-id=\"26\" class=\"elementor elementor-26\" data-elementor-post-type=\"page\">\n\t\t\t\t\t\t<section class=\"has_eae_slider elementor-section elementor-top-section elementor-element elementor-element-18691b17 elementor-hidden-tablet elementor-hidden-phone elementor-section-boxed elementor-section-height-default elementor-section-height-default\" data-eae-slider=\"14441\" data-id=\"18691b17\" data-element_type=\"section\" data-e-type=\"section\">\n\t\t\t\t\t\t<div class=\"elementor-container elementor-column-gap-default\">\n\t\t\t\t\t<div class=\"has_eae_slider elementor-column elementor-col-100 elementor-top-column elementor-element elementor-element-693f17f9\" data-eae-slider=\"81690\" data-id=\"693f17f9\" data-element_type=\"column\" data-e-type=\"column\">\n\t\t\t<div class=\"elementor-widget-wrap elementor-element-populated\">\n\t\t\t\t\t\t<div class=\"elementor-element elementor-element-3a478a4 elementor-widget elementor-widget-spacer\" data-id=\"3a478a4\" data-element_type=\"widget\" data-e-type=\"widget\" data-widget_type=\"spacer.default\">\n\t\t\t\t<div class=\"elementor-widget-container\">\n\t\t\t\t\t\t\t<div class=\"elementor-spacer\">\n\t\t\t<div class=\"elementor-spacer-inner\"><\/div>\n\t\t<\/div>\n\t\t\t\t\t\t<\/div>\n\t\t\t\t<\/div>\n\t\t\t\t<div class=\"elementor-element elementor-element-53685699 elementor-widget elementor-widget-heading\" data-id=\"53685699\" data-element_type=\"widget\" data-e-type=\"widget\" data-widget_type=\"heading.default\">\n\t\t\t\t<div class=\"elementor-widget-container\">\n\t\t\t\t\t<h2 class=\"elementor-heading-title elementor-size-default\">Cancer du sein<\/h2>\t\t\t\t<\/div>\n\t\t\t\t<\/div>\n\t\t\t\t<div class=\"elementor-element elementor-element-4b25115 elementor-align-right elementor-fixed elementor-hidden-tablet elementor-hidden-phone elementor-widget elementor-widget-global elementor-global-159 elementor-widget-button\" data-id=\"4b25115\" data-element_type=\"widget\" data-e-type=\"widget\" data-settings=\"{&quot;_position&quot;:&quot;fixed&quot;}\" data-widget_type=\"button.default\">\n\t\t\t\t<div class=\"elementor-widget-container\">\n\t\t\t\t\t\t\t\t\t<div class=\"elementor-button-wrapper\">\n\t\t\t\t\t<a class=\"elementor-button elementor-button-link elementor-size-lg elementor-animation-grow\" href=\"#\">\n\t\t\t\t\t\t<span class=\"elementor-button-content-wrapper\">\n\t\t\t\t\t\t<span class=\"elementor-button-icon\">\n\t\t\t\t<i aria-hidden=\"true\" class=\"fas fa-arrow-up\"><\/i>\t\t\t<\/span>\n\t\t\t\t\t\t\t\t<\/span>\n\t\t\t\t\t<\/a>\n\t\t\t\t<\/div>\n\t\t\t\t\t\t\t\t<\/div>\n\t\t\t\t<\/div>\n\t\t\t\t<div class=\"elementor-element elementor-element-5ca14895 elementor-widget elementor-widget-spacer\" data-id=\"5ca14895\" data-element_type=\"widget\" data-e-type=\"widget\" data-widget_type=\"spacer.default\">\n\t\t\t\t<div class=\"elementor-widget-container\">\n\t\t\t\t\t\t\t<div class=\"elementor-spacer\">\n\t\t\t<div class=\"elementor-spacer-inner\"><\/div>\n\t\t<\/div>\n\t\t\t\t\t\t<\/div>\n\t\t\t\t<\/div>\n\t\t\t\t<div class=\"elementor-element elementor-element-2333809 elementor-grid-1 elementor-posts--thumbnail-left elementor-grid-tablet-2 elementor-grid-mobile-1 elementor-widget elementor-widget-posts\" data-id=\"2333809\" data-element_type=\"widget\" data-e-type=\"widget\" data-settings=\"{&quot;classic_columns&quot;:&quot;1&quot;,&quot;classic_row_gap&quot;:{&quot;unit&quot;:&quot;px&quot;,&quot;size&quot;:60,&quot;sizes&quot;:[]},&quot;pagination_type&quot;:&quot;numbers_and_prev_next&quot;,&quot;classic_columns_tablet&quot;:&quot;2&quot;,&quot;classic_columns_mobile&quot;:&quot;1&quot;,&quot;classic_row_gap_tablet&quot;:{&quot;unit&quot;:&quot;px&quot;,&quot;size&quot;:&quot;&quot;,&quot;sizes&quot;:[]},&quot;classic_row_gap_mobile&quot;:{&quot;unit&quot;:&quot;px&quot;,&quot;size&quot;:&quot;&quot;,&quot;sizes&quot;:[]}}\" data-widget_type=\"posts.classic\">\n\t\t\t\t<div class=\"elementor-widget-container\">\n\t\t\t\t\t\t\t<div class=\"elementor-posts-container elementor-posts elementor-posts--skin-classic elementor-grid\" role=\"list\">\n\t\t\t\t<article class=\"elementor-post elementor-grid-item post-1585 post type-post status-publish format-standard has-post-thumbnail hentry category-associations-de-patients category-cancer-du-sein category-prevention category-temoignages\" role=\"listitem\">\n\t\t\t\t<a class=\"elementor-post__thumbnail__link\" href=\"https:\/\/mesmomentsprecieux.fr\/en\/prevention\/prevenir-le-cancer-du-sein-tout-savoir-sur-lautopalpation\/\" tabindex=\"-1\" >\n\t\t\t<div class=\"elementor-post__thumbnail\"><img fetchpriority=\"high\" decoding=\"async\" width=\"300\" height=\"192\" src=\"https:\/\/mesmomentsprecieux.fr\/wp-content\/uploads\/J_R_logo-jeune_rose-contour-300x192.png\" class=\"attachment-medium size-medium wp-image-1584\" alt=\"\" srcset=\"https:\/\/mesmomentsprecieux.fr\/wp-content\/uploads\/J_R_logo-jeune_rose-contour-300x192.png 300w, https:\/\/mesmomentsprecieux.fr\/wp-content\/uploads\/J_R_logo-jeune_rose-contour-1024x655.png 1024w, https:\/\/mesmomentsprecieux.fr\/wp-content\/uploads\/J_R_logo-jeune_rose-contour-768x491.png 768w, https:\/\/mesmomentsprecieux.fr\/wp-content\/uploads\/J_R_logo-jeune_rose-contour-18x12.png 18w, https:\/\/mesmomentsprecieux.fr\/wp-content\/uploads\/J_R_logo-jeune_rose-contour.png 1271w\" sizes=\"(max-width: 300px) 100vw, 300px\" \/><\/div>\n\t\t<\/a>\n\t\t\t\t<div class=\"elementor-post__text\">\n\t\t\t\t<h3 class=\"elementor-post__title\">\n\t\t\t<a href=\"https:\/\/mesmomentsprecieux.fr\/en\/prevention\/prevenir-le-cancer-du-sein-tout-savoir-sur-lautopalpation\/\" >\n\t\t\t\tPr\u00e9venir le cancer du sein\u00a0: tout savoir sur l\u2019autopalpation\t\t\t<\/a>\n\t\t<\/h3>\n\t\t\t\t<div class=\"elementor-post__excerpt\">\n\t\t\t<p>Mis \u00e0 jour le 19\/01\/2026 Chez les femmes jeunes, le diagnostic de cancer du sein est souvent plus tardif et la maladie plus agressive que<\/p>\n\t\t<\/div>\n\t\t\n\t\t<a class=\"elementor-post__read-more\" href=\"https:\/\/mesmomentsprecieux.fr\/en\/prevention\/prevenir-le-cancer-du-sein-tout-savoir-sur-lautopalpation\/\" aria-label=\"Read more about Pr\u00e9venir le cancer du sein\u00a0: tout savoir sur l\u2019autopalpation\" tabindex=\"-1\" >\n\t\t\tLire la suite \u00bb\t\t<\/a>\n\n\t\t\t\t<\/div>\n\t\t\t\t<\/article>\n\t\t\t\t<article class=\"elementor-post elementor-grid-item post-1586 post type-post status-publish format-standard has-post-thumbnail hentry category-cancer-du-sein category-prevention category-temoignages category-traitements category-vivre-avec\" role=\"listitem\">\n\t\t\t\t<a class=\"elementor-post__thumbnail__link\" href=\"https:\/\/mesmomentsprecieux.fr\/en\/temoignages\/specificites-du-cancer-du-sein-chez-la-femme-jeune-les-temoignages-de-charlotte-et-solenn\/\" tabindex=\"-1\" >\n\t\t\t<div class=\"elementor-post__thumbnail\"><img decoding=\"async\" width=\"300\" height=\"150\" src=\"https:\/\/mesmomentsprecieux.fr\/wp-content\/uploads\/merged-1-300x150.png\" class=\"attachment-medium size-medium wp-image-1587\" alt=\"\" srcset=\"https:\/\/mesmomentsprecieux.fr\/wp-content\/uploads\/merged-1-300x150.png 300w, https:\/\/mesmomentsprecieux.fr\/wp-content\/uploads\/merged-1-18x9.png 18w, https:\/\/mesmomentsprecieux.fr\/wp-content\/uploads\/merged-1.png 624w\" sizes=\"(max-width: 300px) 100vw, 300px\" \/><\/div>\n\t\t<\/a>\n\t\t\t\t<div class=\"elementor-post__text\">\n\t\t\t\t<h3 class=\"elementor-post__title\">\n\t\t\t<a href=\"https:\/\/mesmomentsprecieux.fr\/en\/temoignages\/specificites-du-cancer-du-sein-chez-la-femme-jeune-les-temoignages-de-charlotte-et-solenn\/\" >\n\t\t\t\tSp\u00e9cificit\u00e9s du cancer du sein chez la femme jeune\u00a0: les t\u00e9moignages de Charlotte et Solenn\t\t\t<\/a>\n\t\t<\/h3>\n\t\t\t\t<div class=\"elementor-post__excerpt\">\n\t\t\t<p>Le cancer du sein de la femme jeune concerne entre 5 et 10 % des cas de cancer du sein en France et fait r\u00e9f\u00e9rence<\/p>\n\t\t<\/div>\n\t\t\n\t\t<a class=\"elementor-post__read-more\" href=\"https:\/\/mesmomentsprecieux.fr\/en\/temoignages\/specificites-du-cancer-du-sein-chez-la-femme-jeune-les-temoignages-de-charlotte-et-solenn\/\" aria-label=\"Read more about Sp\u00e9cificit\u00e9s du cancer du sein chez la femme jeune\u00a0: les t\u00e9moignages de Charlotte et Solenn\" tabindex=\"-1\" >\n\t\t\tLire la suite \u00bb\t\t<\/a>\n\n\t\t\t\t<\/div>\n\t\t\t\t<\/article>\n\t\t\t\t<article class=\"elementor-post elementor-grid-item post-1514 post type-post status-publish format-standard has-post-thumbnail hentry category-cancer-du-sein category-temoignages category-traitements\" role=\"listitem\">\n\t\t\t\t<a class=\"elementor-post__thumbnail__link\" href=\"https:\/\/mesmomentsprecieux.fr\/en\/temoignages\/du-depistage-a-son-traitement-par-radiotherapie-le-temoignage-de-laurence-face-au-cancer-du-sein\/\" tabindex=\"-1\" >\n\t\t\t<div class=\"elementor-post__thumbnail\"><img decoding=\"async\" width=\"300\" height=\"169\" src=\"https:\/\/mesmomentsprecieux.fr\/wp-content\/uploads\/METZ-CAPTURE-1-300x169.jpg\" class=\"attachment-medium size-medium wp-image-1515\" alt=\"\" srcset=\"https:\/\/mesmomentsprecieux.fr\/wp-content\/uploads\/METZ-CAPTURE-1-300x169.jpg 300w, https:\/\/mesmomentsprecieux.fr\/wp-content\/uploads\/METZ-CAPTURE-1-1024x576.jpg 1024w, https:\/\/mesmomentsprecieux.fr\/wp-content\/uploads\/METZ-CAPTURE-1-768x432.jpg 768w, https:\/\/mesmomentsprecieux.fr\/wp-content\/uploads\/METZ-CAPTURE-1-1536x864.jpg 1536w, https:\/\/mesmomentsprecieux.fr\/wp-content\/uploads\/METZ-CAPTURE-1-18x10.jpg 18w, https:\/\/mesmomentsprecieux.fr\/wp-content\/uploads\/METZ-CAPTURE-1.jpg 1920w\" sizes=\"(max-width: 300px) 100vw, 300px\" \/><\/div>\n\t\t<\/a>\n\t\t\t\t<div class=\"elementor-post__text\">\n\t\t\t\t<h3 class=\"elementor-post__title\">\n\t\t\t<a href=\"https:\/\/mesmomentsprecieux.fr\/en\/temoignages\/du-depistage-a-son-traitement-par-radiotherapie-le-temoignage-de-laurence-face-au-cancer-du-sein\/\" >\n\t\t\t\tDu d\u00e9pistage \u00e0 son traitement par radioth\u00e9rapie, le t\u00e9moignage de Laurence\u00a0face au cancer du sein\t\t\t<\/a>\n\t\t<\/h3>\n\t\t\t\t<div class=\"elementor-post__excerpt\">\n\t\t\t<p>Mis \u00e0 jour le 19\/01\/2026 Laurence, jeune grand-m\u00e8re de deux petits-enfants de 6 et 2 ans, et maman de deux filles, se voit courant Octobre<\/p>\n\t\t<\/div>\n\t\t\n\t\t<a class=\"elementor-post__read-more\" href=\"https:\/\/mesmomentsprecieux.fr\/en\/temoignages\/du-depistage-a-son-traitement-par-radiotherapie-le-temoignage-de-laurence-face-au-cancer-du-sein\/\" aria-label=\"Read more about Du d\u00e9pistage \u00e0 son traitement par radioth\u00e9rapie, le t\u00e9moignage de Laurence\u00a0face au cancer du sein\" tabindex=\"-1\" >\n\t\t\tLire la suite \u00bb\t\t<\/a>\n\n\t\t\t\t<\/div>\n\t\t\t\t<\/article>\n\t\t\t\t<article class=\"elementor-post elementor-grid-item post-1390 post type-post status-publish format-standard has-post-thumbnail hentry category-cancer-du-sein\" role=\"listitem\">\n\t\t\t\t<a class=\"elementor-post__thumbnail__link\" href=\"https:\/\/mesmomentsprecieux.fr\/en\/cancer-du-sein\/cancer-du-sein-tout-ce-que-vous-devez-savoir-la-video\/\" tabindex=\"-1\" >\n\t\t\t<div class=\"elementor-post__thumbnail\"><img loading=\"lazy\" decoding=\"async\" width=\"300\" height=\"133\" src=\"https:\/\/mesmomentsprecieux.fr\/wp-content\/uploads\/Article-Sein_v3-300x133.png\" class=\"attachment-medium size-medium wp-image-1392\" alt=\"\" srcset=\"https:\/\/mesmomentsprecieux.fr\/wp-content\/uploads\/Article-Sein_v3-300x133.png 300w, https:\/\/mesmomentsprecieux.fr\/wp-content\/uploads\/Article-Sein_v3-768x339.png 768w, https:\/\/mesmomentsprecieux.fr\/wp-content\/uploads\/Article-Sein_v3-18x8.png 18w, https:\/\/mesmomentsprecieux.fr\/wp-content\/uploads\/Article-Sein_v3.png 860w\" sizes=\"(max-width: 300px) 100vw, 300px\" \/><\/div>\n\t\t<\/a>\n\t\t\t\t<div class=\"elementor-post__text\">\n\t\t\t\t<h3 class=\"elementor-post__title\">\n\t\t\t<a href=\"https:\/\/mesmomentsprecieux.fr\/en\/cancer-du-sein\/cancer-du-sein-tout-ce-que-vous-devez-savoir-la-video\/\" >\n\t\t\t\tCancer du sein : tout ce que vous devez savoir >> la vid\u00e9o\t\t\t<\/a>\n\t\t<\/h3>\n\t\t\t\t<div class=\"elementor-post__excerpt\">\n\t\t\t<p>Quel est le nombre de cas de cancer du sein en France&nbsp;? Qu\u2019entend-on pr\u00e9cis\u00e9ment par cancer du sein&nbsp;? Quels en sont les facteurs de risque<\/p>\n\t\t<\/div>\n\t\t\n\t\t<a class=\"elementor-post__read-more\" href=\"https:\/\/mesmomentsprecieux.fr\/en\/cancer-du-sein\/cancer-du-sein-tout-ce-que-vous-devez-savoir-la-video\/\" aria-label=\"Read more about Cancer du sein : tout ce que vous devez savoir &gt;&gt; la vid\u00e9o\" tabindex=\"-1\" >\n\t\t\tLire la suite \u00bb\t\t<\/a>\n\n\t\t\t\t<\/div>\n\t\t\t\t<\/article>\n\t\t\t\t<\/div>\n\t\t\n\t\t\t\t<div class=\"e-load-more-anchor\" data-page=\"1\" data-max-page=\"13\" data-next-page=\"https:\/\/mesmomentsprecieux.fr\/en\/wp-json\/wp\/v2\/pages\/26\/page\/2\/\"><\/div>\n\t\t\t\t<nav class=\"elementor-pagination\" aria-label=\"Pagination\">\n\t\t\t<span class=\"page-numbers prev\">&laquo;<\/span>\n<span aria-current=\"page\" class=\"page-numbers current\"><span class=\"elementor-screen-only\">Page<\/span>1<\/span>\n<a class=\"page-numbers\" href=\"https:\/\/mesmomentsprecieux.fr\/en\/wp-json\/wp\/v2\/pages\/26\/page\/2\/\"><span class=\"elementor-screen-only\">Page<\/span>2<\/a>\n<a class=\"page-numbers\" href=\"https:\/\/mesmomentsprecieux.fr\/en\/wp-json\/wp\/v2\/pages\/26\/page\/3\/\"><span class=\"elementor-screen-only\">Page<\/span>3<\/a>\n<span class=\"page-numbers dots\">&hellip;<\/span>\n<a class=\"page-numbers\" href=\"https:\/\/mesmomentsprecieux.fr\/en\/wp-json\/wp\/v2\/pages\/26\/page\/13\/\"><span class=\"elementor-screen-only\">Page<\/span>13<\/a>\n<a class=\"page-numbers next\" href=\"https:\/\/mesmomentsprecieux.fr\/en\/wp-json\/wp\/v2\/pages\/26\/page\/2\/\">&raquo;<\/a>\t\t<\/nav>\n\t\t\t\t\t\t<\/div>\n\t\t\t\t<\/div>\n\t\t\t\t<div class=\"elementor-element elementor-element-eb9f9e5 elementor-widget elementor-widget-spacer\" data-id=\"eb9f9e5\" data-element_type=\"widget\" data-e-type=\"widget\" data-widget_type=\"spacer.default\">\n\t\t\t\t<div class=\"elementor-widget-container\">\n\t\t\t\t\t\t\t<div class=\"elementor-spacer\">\n\t\t\t<div class=\"elementor-spacer-inner\"><\/div>\n\t\t<\/div>\n\t\t\t\t\t\t<\/div>\n\t\t\t\t<\/div>\n\t\t\t\t\t<\/div>\n\t\t<\/div>\n\t\t\t\t\t<\/div>\n\t\t<\/section>\n\t\t\t\t<section class=\"has_eae_slider elementor-section elementor-top-section elementor-element elementor-element-67147d3b elementor-hidden-desktop elementor-section-boxed elementor-section-height-default elementor-section-height-default\" data-eae-slider=\"43090\" data-id=\"67147d3b\" data-element_type=\"section\" data-e-type=\"section\">\n\t\t\t\t\t\t<div class=\"elementor-container elementor-column-gap-default\">\n\t\t\t\t\t<div class=\"has_eae_slider elementor-column elementor-col-100 elementor-top-column elementor-element elementor-element-5bdbb0b0\" data-eae-slider=\"95165\" data-id=\"5bdbb0b0\" data-element_type=\"column\" data-e-type=\"column\">\n\t\t\t<div class=\"elementor-widget-wrap elementor-element-populated\">\n\t\t\t\t\t\t<div class=\"elementor-element elementor-element-159ed200 elementor-widget elementor-widget-spacer\" data-id=\"159ed200\" data-element_type=\"widget\" data-e-type=\"widget\" data-widget_type=\"spacer.default\">\n\t\t\t\t<div class=\"elementor-widget-container\">\n\t\t\t\t\t\t\t<div class=\"elementor-spacer\">\n\t\t\t<div class=\"elementor-spacer-inner\"><\/div>\n\t\t<\/div>\n\t\t\t\t\t\t<\/div>\n\t\t\t\t<\/div>\n\t\t\t\t<div class=\"elementor-element elementor-element-4c1e03c4 elementor-widget elementor-widget-heading\" data-id=\"4c1e03c4\" data-element_type=\"widget\" data-e-type=\"widget\" data-widget_type=\"heading.default\">\n\t\t\t\t<div class=\"elementor-widget-container\">\n\t\t\t\t\t<h2 class=\"elementor-heading-title elementor-size-default\">Cancer du sein<\/h2>\t\t\t\t<\/div>\n\t\t\t\t<\/div>\n\t\t\t\t<div class=\"elementor-element elementor-element-36a8fee8 elementor-widget elementor-widget-spacer\" data-id=\"36a8fee8\" data-element_type=\"widget\" data-e-type=\"widget\" data-widget_type=\"spacer.default\">\n\t\t\t\t<div class=\"elementor-widget-container\">\n\t\t\t\t\t\t\t<div class=\"elementor-spacer\">\n\t\t\t<div class=\"elementor-spacer-inner\"><\/div>\n\t\t<\/div>\n\t\t\t\t\t\t<\/div>\n\t\t\t\t<\/div>\n\t\t\t\t<div class=\"elementor-element elementor-element-15ad8adc elementor-grid-1 elementor-grid-tablet-2 elementor-grid-mobile-1 elementor-posts--thumbnail-top elementor-widget elementor-widget-posts\" data-id=\"15ad8adc\" data-element_type=\"widget\" data-e-type=\"widget\" data-settings=\"{&quot;classic_columns&quot;:&quot;1&quot;,&quot;classic_row_gap&quot;:{&quot;unit&quot;:&quot;px&quot;,&quot;size&quot;:60,&quot;sizes&quot;:[]},&quot;pagination_type&quot;:&quot;numbers&quot;,&quot;classic_columns_tablet&quot;:&quot;2&quot;,&quot;classic_columns_mobile&quot;:&quot;1&quot;,&quot;classic_row_gap_tablet&quot;:{&quot;unit&quot;:&quot;px&quot;,&quot;size&quot;:&quot;&quot;,&quot;sizes&quot;:[]},&quot;classic_row_gap_mobile&quot;:{&quot;unit&quot;:&quot;px&quot;,&quot;size&quot;:&quot;&quot;,&quot;sizes&quot;:[]}}\" data-widget_type=\"posts.classic\">\n\t\t\t\t<div class=\"elementor-widget-container\">\n\t\t\t\t\t\t\t<div class=\"elementor-posts-container elementor-posts elementor-posts--skin-classic elementor-grid\" role=\"list\">\n\t\t\t\t<article class=\"elementor-post elementor-grid-item post-1585 post type-post status-publish format-standard has-post-thumbnail hentry category-associations-de-patients category-cancer-du-sein category-prevention category-temoignages\" role=\"listitem\">\n\t\t\t\t<a class=\"elementor-post__thumbnail__link\" href=\"https:\/\/mesmomentsprecieux.fr\/en\/prevention\/prevenir-le-cancer-du-sein-tout-savoir-sur-lautopalpation\/\" tabindex=\"-1\" >\n\t\t\t<div class=\"elementor-post__thumbnail\"><img fetchpriority=\"high\" decoding=\"async\" width=\"300\" height=\"192\" src=\"https:\/\/mesmomentsprecieux.fr\/wp-content\/uploads\/J_R_logo-jeune_rose-contour-300x192.png\" class=\"attachment-medium size-medium wp-image-1584\" alt=\"\" srcset=\"https:\/\/mesmomentsprecieux.fr\/wp-content\/uploads\/J_R_logo-jeune_rose-contour-300x192.png 300w, https:\/\/mesmomentsprecieux.fr\/wp-content\/uploads\/J_R_logo-jeune_rose-contour-1024x655.png 1024w, https:\/\/mesmomentsprecieux.fr\/wp-content\/uploads\/J_R_logo-jeune_rose-contour-768x491.png 768w, https:\/\/mesmomentsprecieux.fr\/wp-content\/uploads\/J_R_logo-jeune_rose-contour-18x12.png 18w, https:\/\/mesmomentsprecieux.fr\/wp-content\/uploads\/J_R_logo-jeune_rose-contour.png 1271w\" sizes=\"(max-width: 300px) 100vw, 300px\" \/><\/div>\n\t\t<\/a>\n\t\t\t\t<div class=\"elementor-post__text\">\n\t\t\t\t<h3 class=\"elementor-post__title\">\n\t\t\t<a href=\"https:\/\/mesmomentsprecieux.fr\/en\/prevention\/prevenir-le-cancer-du-sein-tout-savoir-sur-lautopalpation\/\" >\n\t\t\t\tPr\u00e9venir le cancer du sein\u00a0: tout savoir sur l\u2019autopalpation\t\t\t<\/a>\n\t\t<\/h3>\n\t\t\t\t<div class=\"elementor-post__meta-data\">\n\t\t\t\t\t<span class=\"elementor-post-date\">\n\t\t\tSeptember 9, 2025\t\t<\/span>\n\t\t\t\t<\/div>\n\t\t\t\t<div class=\"elementor-post__excerpt\">\n\t\t\t<p>Mis \u00e0 jour le 19\/01\/2026 Chez les femmes jeunes, le diagnostic de cancer du sein est souvent plus tardif et la maladie plus agressive que<\/p>\n\t\t<\/div>\n\t\t\n\t\t<a class=\"elementor-post__read-more\" href=\"https:\/\/mesmomentsprecieux.fr\/en\/prevention\/prevenir-le-cancer-du-sein-tout-savoir-sur-lautopalpation\/\" aria-label=\"Read more about Pr\u00e9venir le cancer du sein\u00a0: tout savoir sur l\u2019autopalpation\" tabindex=\"-1\" >\n\t\t\tLire la suite \u00bb\t\t<\/a>\n\n\t\t\t\t<\/div>\n\t\t\t\t<\/article>\n\t\t\t\t<article class=\"elementor-post elementor-grid-item post-1586 post type-post status-publish format-standard has-post-thumbnail hentry category-cancer-du-sein category-prevention category-temoignages category-traitements category-vivre-avec\" role=\"listitem\">\n\t\t\t\t<a class=\"elementor-post__thumbnail__link\" href=\"https:\/\/mesmomentsprecieux.fr\/en\/temoignages\/specificites-du-cancer-du-sein-chez-la-femme-jeune-les-temoignages-de-charlotte-et-solenn\/\" tabindex=\"-1\" >\n\t\t\t<div class=\"elementor-post__thumbnail\"><img decoding=\"async\" width=\"300\" height=\"150\" src=\"https:\/\/mesmomentsprecieux.fr\/wp-content\/uploads\/merged-1-300x150.png\" class=\"attachment-medium size-medium wp-image-1587\" alt=\"\" srcset=\"https:\/\/mesmomentsprecieux.fr\/wp-content\/uploads\/merged-1-300x150.png 300w, https:\/\/mesmomentsprecieux.fr\/wp-content\/uploads\/merged-1-18x9.png 18w, https:\/\/mesmomentsprecieux.fr\/wp-content\/uploads\/merged-1.png 624w\" sizes=\"(max-width: 300px) 100vw, 300px\" \/><\/div>\n\t\t<\/a>\n\t\t\t\t<div class=\"elementor-post__text\">\n\t\t\t\t<h3 class=\"elementor-post__title\">\n\t\t\t<a href=\"https:\/\/mesmomentsprecieux.fr\/en\/temoignages\/specificites-du-cancer-du-sein-chez-la-femme-jeune-les-temoignages-de-charlotte-et-solenn\/\" >\n\t\t\t\tSp\u00e9cificit\u00e9s du cancer du sein chez la femme jeune\u00a0: les t\u00e9moignages de Charlotte et Solenn\t\t\t<\/a>\n\t\t<\/h3>\n\t\t\t\t<div class=\"elementor-post__meta-data\">\n\t\t\t\t\t<span class=\"elementor-post-date\">\n\t\t\tSeptember 9, 2025\t\t<\/span>\n\t\t\t\t<\/div>\n\t\t\t\t<div class=\"elementor-post__excerpt\">\n\t\t\t<p>Le cancer du sein de la femme jeune concerne entre 5 et 10 % des cas de cancer du sein en France et fait r\u00e9f\u00e9rence<\/p>\n\t\t<\/div>\n\t\t\n\t\t<a class=\"elementor-post__read-more\" href=\"https:\/\/mesmomentsprecieux.fr\/en\/temoignages\/specificites-du-cancer-du-sein-chez-la-femme-jeune-les-temoignages-de-charlotte-et-solenn\/\" aria-label=\"Read more about Sp\u00e9cificit\u00e9s du cancer du sein chez la femme jeune\u00a0: les t\u00e9moignages de Charlotte et Solenn\" tabindex=\"-1\" >\n\t\t\tLire la suite \u00bb\t\t<\/a>\n\n\t\t\t\t<\/div>\n\t\t\t\t<\/article>\n\t\t\t\t<article class=\"elementor-post elementor-grid-item post-1514 post type-post status-publish format-standard has-post-thumbnail hentry category-cancer-du-sein category-temoignages category-traitements\" role=\"listitem\">\n\t\t\t\t<a class=\"elementor-post__thumbnail__link\" href=\"https:\/\/mesmomentsprecieux.fr\/en\/temoignages\/du-depistage-a-son-traitement-par-radiotherapie-le-temoignage-de-laurence-face-au-cancer-du-sein\/\" tabindex=\"-1\" >\n\t\t\t<div class=\"elementor-post__thumbnail\"><img decoding=\"async\" width=\"300\" height=\"169\" src=\"https:\/\/mesmomentsprecieux.fr\/wp-content\/uploads\/METZ-CAPTURE-1-300x169.jpg\" class=\"attachment-medium size-medium wp-image-1515\" alt=\"\" srcset=\"https:\/\/mesmomentsprecieux.fr\/wp-content\/uploads\/METZ-CAPTURE-1-300x169.jpg 300w, https:\/\/mesmomentsprecieux.fr\/wp-content\/uploads\/METZ-CAPTURE-1-1024x576.jpg 1024w, https:\/\/mesmomentsprecieux.fr\/wp-content\/uploads\/METZ-CAPTURE-1-768x432.jpg 768w, https:\/\/mesmomentsprecieux.fr\/wp-content\/uploads\/METZ-CAPTURE-1-1536x864.jpg 1536w, https:\/\/mesmomentsprecieux.fr\/wp-content\/uploads\/METZ-CAPTURE-1-18x10.jpg 18w, https:\/\/mesmomentsprecieux.fr\/wp-content\/uploads\/METZ-CAPTURE-1.jpg 1920w\" sizes=\"(max-width: 300px) 100vw, 300px\" \/><\/div>\n\t\t<\/a>\n\t\t\t\t<div class=\"elementor-post__text\">\n\t\t\t\t<h3 class=\"elementor-post__title\">\n\t\t\t<a href=\"https:\/\/mesmomentsprecieux.fr\/en\/temoignages\/du-depistage-a-son-traitement-par-radiotherapie-le-temoignage-de-laurence-face-au-cancer-du-sein\/\" >\n\t\t\t\tDu d\u00e9pistage \u00e0 son traitement par radioth\u00e9rapie, le t\u00e9moignage de Laurence\u00a0face au cancer du sein\t\t\t<\/a>\n\t\t<\/h3>\n\t\t\t\t<div class=\"elementor-post__meta-data\">\n\t\t\t\t\t<span class=\"elementor-post-date\">\n\t\t\tJune 16, 2025\t\t<\/span>\n\t\t\t\t<\/div>\n\t\t\t\t<div class=\"elementor-post__excerpt\">\n\t\t\t<p>Mis \u00e0 jour le 19\/01\/2026 Laurence, jeune grand-m\u00e8re de deux petits-enfants de 6 et 2 ans, et maman de deux filles, se voit courant Octobre<\/p>\n\t\t<\/div>\n\t\t\n\t\t<a class=\"elementor-post__read-more\" href=\"https:\/\/mesmomentsprecieux.fr\/en\/temoignages\/du-depistage-a-son-traitement-par-radiotherapie-le-temoignage-de-laurence-face-au-cancer-du-sein\/\" aria-label=\"Read more about Du d\u00e9pistage \u00e0 son traitement par radioth\u00e9rapie, le t\u00e9moignage de Laurence\u00a0face au cancer du sein\" tabindex=\"-1\" >\n\t\t\tLire la suite \u00bb\t\t<\/a>\n\n\t\t\t\t<\/div>\n\t\t\t\t<\/article>\n\t\t\t\t<article class=\"elementor-post elementor-grid-item post-1390 post type-post status-publish format-standard has-post-thumbnail hentry category-cancer-du-sein\" role=\"listitem\">\n\t\t\t\t<a class=\"elementor-post__thumbnail__link\" href=\"https:\/\/mesmomentsprecieux.fr\/en\/cancer-du-sein\/cancer-du-sein-tout-ce-que-vous-devez-savoir-la-video\/\" tabindex=\"-1\" >\n\t\t\t<div class=\"elementor-post__thumbnail\"><img loading=\"lazy\" decoding=\"async\" width=\"300\" height=\"133\" src=\"https:\/\/mesmomentsprecieux.fr\/wp-content\/uploads\/Article-Sein_v3-300x133.png\" class=\"attachment-medium size-medium wp-image-1392\" alt=\"\" srcset=\"https:\/\/mesmomentsprecieux.fr\/wp-content\/uploads\/Article-Sein_v3-300x133.png 300w, https:\/\/mesmomentsprecieux.fr\/wp-content\/uploads\/Article-Sein_v3-768x339.png 768w, https:\/\/mesmomentsprecieux.fr\/wp-content\/uploads\/Article-Sein_v3-18x8.png 18w, https:\/\/mesmomentsprecieux.fr\/wp-content\/uploads\/Article-Sein_v3.png 860w\" sizes=\"(max-width: 300px) 100vw, 300px\" \/><\/div>\n\t\t<\/a>\n\t\t\t\t<div class=\"elementor-post__text\">\n\t\t\t\t<h3 class=\"elementor-post__title\">\n\t\t\t<a href=\"https:\/\/mesmomentsprecieux.fr\/en\/cancer-du-sein\/cancer-du-sein-tout-ce-que-vous-devez-savoir-la-video\/\" >\n\t\t\t\tCancer du sein : tout ce que vous devez savoir >> la vid\u00e9o\t\t\t<\/a>\n\t\t<\/h3>\n\t\t\t\t<div class=\"elementor-post__meta-data\">\n\t\t\t\t\t<span class=\"elementor-post-date\">\n\t\t\tOctober 29, 2024\t\t<\/span>\n\t\t\t\t<\/div>\n\t\t\t\t<div class=\"elementor-post__excerpt\">\n\t\t\t<p>Quel est le nombre de cas de cancer du sein en France&nbsp;? Qu\u2019entend-on pr\u00e9cis\u00e9ment par cancer du sein&nbsp;? Quels en sont les facteurs de risque<\/p>\n\t\t<\/div>\n\t\t\n\t\t<a class=\"elementor-post__read-more\" href=\"https:\/\/mesmomentsprecieux.fr\/en\/cancer-du-sein\/cancer-du-sein-tout-ce-que-vous-devez-savoir-la-video\/\" aria-label=\"Read more about Cancer du sein : tout ce que vous devez savoir &gt;&gt; la vid\u00e9o\" tabindex=\"-1\" >\n\t\t\tLire la suite \u00bb\t\t<\/a>\n\n\t\t\t\t<\/div>\n\t\t\t\t<\/article>\n\t\t\t\t<\/div>\n\t\t\n\t\t\t\t<div class=\"e-load-more-anchor\" data-page=\"1\" data-max-page=\"13\" data-next-page=\"https:\/\/mesmomentsprecieux.fr\/en\/wp-json\/wp\/v2\/pages\/26\/page\/2\/\"><\/div>\n\t\t\t\t<nav class=\"elementor-pagination\" aria-label=\"Pagination\">\n\t\t\t<span aria-current=\"page\" class=\"page-numbers current\"><span class=\"elementor-screen-only\">Page<\/span>1<\/span>\n<a class=\"page-numbers\" href=\"https:\/\/mesmomentsprecieux.fr\/en\/wp-json\/wp\/v2\/pages\/26\/page\/2\/\"><span class=\"elementor-screen-only\">Page<\/span>2<\/a>\n<a class=\"page-numbers\" href=\"https:\/\/mesmomentsprecieux.fr\/en\/wp-json\/wp\/v2\/pages\/26\/page\/3\/\"><span class=\"elementor-screen-only\">Page<\/span>3<\/a>\n<a class=\"page-numbers\" href=\"https:\/\/mesmomentsprecieux.fr\/en\/wp-json\/wp\/v2\/pages\/26\/page\/4\/\"><span class=\"elementor-screen-only\">Page<\/span>4<\/a>\n<a class=\"page-numbers\" href=\"https:\/\/mesmomentsprecieux.fr\/en\/wp-json\/wp\/v2\/pages\/26\/page\/5\/\"><span class=\"elementor-screen-only\">Page<\/span>5<\/a>\t\t<\/nav>\n\t\t\t\t\t\t<\/div>\n\t\t\t\t<\/div>\n\t\t\t\t<div class=\"elementor-element elementor-element-3ba85b06 elementor-widget elementor-widget-spacer\" data-id=\"3ba85b06\" data-element_type=\"widget\" data-e-type=\"widget\" data-widget_type=\"spacer.default\">\n\t\t\t\t<div class=\"elementor-widget-container\">\n\t\t\t\t\t\t\t<div class=\"elementor-spacer\">\n\t\t\t<div class=\"elementor-spacer-inner\"><\/div>\n\t\t<\/div>\n\t\t\t\t\t\t<\/div>\n\t\t\t\t<\/div>\n\t\t\t\t\t<\/div>\n\t\t<\/div>\n\t\t\t\t\t<\/div>\n\t\t<\/section>\n\t\t\t\t<\/div>","protected":false},"excerpt":{"rendered":"<p>Cancer du sein Cancer du sein<\/p>","protected":false},"author":3,"featured_media":0,"parent":0,"menu_order":0,"comment_status":"closed","ping_status":"closed","template":"","meta":{"inline_featured_image":false,"footnotes":""},"class_list":["post-26","page","type-page","status-publish","hentry"],"yoast_head":"<!-- This site is optimized with the Yoast SEO plugin v27.4 - https:\/\/yoast.com\/product\/yoast-seo-wordpress\/ -->\n<title>Cancer du sein - mesmomentsprecieux<\/title>\n<meta name=\"robots\" content=\"index, follow, max-snippet:-1, max-image-preview:large, max-video-preview:-1\" \/>\n<link rel=\"canonical\" href=\"https:\/\/mesmomentsprecieux.fr\/en\/cancer-du-sein\/\" \/>\n<meta property=\"og:locale\" content=\"en_US\" \/>\n<meta property=\"og:type\" content=\"article\" \/>\n<meta property=\"og:title\" content=\"Cancer du sein - mesmomentsprecieux\" \/>\n<meta property=\"og:description\" content=\"Cancer du sein Cancer du sein\" \/>\n<meta property=\"og:url\" content=\"https:\/\/mesmomentsprecieux.fr\/en\/cancer-du-sein\/\" \/>\n<meta property=\"og:site_name\" content=\"mesmomentsprecieux\" \/>\n<meta property=\"article:modified_time\" content=\"2024-10-15T14:03:10+00:00\" \/>\n<meta name=\"twitter:card\" content=\"summary_large_image\" \/>\n<meta name=\"twitter:label1\" content=\"Est. reading time\" \/>\n\t<meta name=\"twitter:data1\" content=\"6 minutes\" \/>\n<script type=\"application\/ld+json\" class=\"yoast-schema-graph\">{\"@context\":\"https:\\\/\\\/schema.org\",\"@graph\":[{\"@type\":\"WebPage\",\"@id\":\"https:\\\/\\\/mesmomentsprecieux.fr\\\/cancer-du-sein\\\/\",\"url\":\"https:\\\/\\\/mesmomentsprecieux.fr\\\/cancer-du-sein\\\/\",\"name\":\"Cancer du sein - mesmomentsprecieux\",\"isPartOf\":{\"@id\":\"https:\\\/\\\/mesmomentsprecieux.fr\\\/#website\"},\"datePublished\":\"2019-10-21T18:17:13+00:00\",\"dateModified\":\"2024-10-15T14:03:10+00:00\",\"breadcrumb\":{\"@id\":\"https:\\\/\\\/mesmomentsprecieux.fr\\\/cancer-du-sein\\\/#breadcrumb\"},\"inLanguage\":\"en-US\",\"potentialAction\":[{\"@type\":\"ReadAction\",\"target\":[\"https:\\\/\\\/mesmomentsprecieux.fr\\\/cancer-du-sein\\\/\"]}]},{\"@type\":\"BreadcrumbList\",\"@id\":\"https:\\\/\\\/mesmomentsprecieux.fr\\\/cancer-du-sein\\\/#breadcrumb\",\"itemListElement\":[{\"@type\":\"ListItem\",\"position\":1,\"name\":\"Home\",\"item\":\"https:\\\/\\\/mesmomentsprecieux.fr\\\/\"},{\"@type\":\"ListItem\",\"position\":2,\"name\":\"Cancer du sein\"}]},{\"@type\":\"WebSite\",\"@id\":\"https:\\\/\\\/mesmomentsprecieux.fr\\\/#website\",\"url\":\"https:\\\/\\\/mesmomentsprecieux.fr\\\/\",\"name\":\"mesmomentsprecieux\",\"description\":\"\",\"potentialAction\":[{\"@type\":\"SearchAction\",\"target\":{\"@type\":\"EntryPoint\",\"urlTemplate\":\"https:\\\/\\\/mesmomentsprecieux.fr\\\/?s={search_term_string}\"},\"query-input\":{\"@type\":\"PropertyValueSpecification\",\"valueRequired\":true,\"valueName\":\"search_term_string\"}}],\"inLanguage\":\"en-US\"}]}<\/script>\n<!-- \/ Yoast SEO plugin. -->","yoast_head_json":{"title":"Cancer du sein - mesmomentsprecieux","robots":{"index":"index","follow":"follow","max-snippet":"max-snippet:-1","max-image-preview":"max-image-preview:large","max-video-preview":"max-video-preview:-1"},"canonical":"https:\/\/mesmomentsprecieux.fr\/en\/cancer-du-sein\/","og_locale":"en_US","og_type":"article","og_title":"Cancer du sein - mesmomentsprecieux","og_description":"Cancer du sein Cancer du sein","og_url":"https:\/\/mesmomentsprecieux.fr\/en\/cancer-du-sein\/","og_site_name":"mesmomentsprecieux","article_modified_time":"2024-10-15T14:03:10+00:00","twitter_card":"summary_large_image","twitter_misc":{"Est. reading time":"6 minutes"},"schema":{"@context":"https:\/\/schema.org","@graph":[{"@type":"WebPage","@id":"https:\/\/mesmomentsprecieux.fr\/cancer-du-sein\/","url":"https:\/\/mesmomentsprecieux.fr\/cancer-du-sein\/","name":"Cancer du sein - mesmomentsprecieux","isPartOf":{"@id":"https:\/\/mesmomentsprecieux.fr\/#website"},"datePublished":"2019-10-21T18:17:13+00:00","dateModified":"2024-10-15T14:03:10+00:00","breadcrumb":{"@id":"https:\/\/mesmomentsprecieux.fr\/cancer-du-sein\/#breadcrumb"},"inLanguage":"en-US","potentialAction":[{"@type":"ReadAction","target":["https:\/\/mesmomentsprecieux.fr\/cancer-du-sein\/"]}]},{"@type":"BreadcrumbList","@id":"https:\/\/mesmomentsprecieux.fr\/cancer-du-sein\/#breadcrumb","itemListElement":[{"@type":"ListItem","position":1,"name":"Home","item":"https:\/\/mesmomentsprecieux.fr\/"},{"@type":"ListItem","position":2,"name":"Cancer du sein"}]},{"@type":"WebSite","@id":"https:\/\/mesmomentsprecieux.fr\/#website","url":"https:\/\/mesmomentsprecieux.fr\/","name":"mesmomentsprecieux","description":"","potentialAction":[{"@type":"SearchAction","target":{"@type":"EntryPoint","urlTemplate":"https:\/\/mesmomentsprecieux.fr\/?s={search_term_string}"},"query-input":{"@type":"PropertyValueSpecification","valueRequired":true,"valueName":"search_term_string"}}],"inLanguage":"en-US"}]}},"_links":{"self":[{"href":"https:\/\/mesmomentsprecieux.fr\/en\/wp-json\/wp\/v2\/pages\/26","targetHints":{"allow":["GET"]}}],"collection":[{"href":"https:\/\/mesmomentsprecieux.fr\/en\/wp-json\/wp\/v2\/pages"}],"about":[{"href":"https:\/\/mesmomentsprecieux.fr\/en\/wp-json\/wp\/v2\/types\/page"}],"author":[{"embeddable":true,"href":"https:\/\/mesmomentsprecieux.fr\/en\/wp-json\/wp\/v2\/users\/3"}],"replies":[{"embeddable":true,"href":"https:\/\/mesmomentsprecieux.fr\/en\/wp-json\/wp\/v2\/comments?post=26"}],"version-history":[{"count":0,"href":"https:\/\/mesmomentsprecieux.fr\/en\/wp-json\/wp\/v2\/pages\/26\/revisions"}],"wp:attachment":[{"href":"https:\/\/mesmomentsprecieux.fr\/en\/wp-json\/wp\/v2\/media?parent=26"}],"curies":[{"name":"wp","href":"https:\/\/api.w.org\/{rel}","templated":true}]}}